{"id":19974,"date":"2025-07-08T16:16:37","date_gmt":"2025-07-08T14:16:37","guid":{"rendered":"https:\/\/staging.humandesign.group\/?page_id=19974"},"modified":"2025-09-05T15:07:06","modified_gmt":"2025-09-05T13:07:06","slug":"ctrl-nxt-journee-d-echange-sur-le-controle-aerien","status":"publish","type":"page","link":"https:\/\/humandesign.group\/en\/ctrl-nxt-journee-d-echange-sur-le-controle-aerien\/","title":{"rendered":"CTRL>NXT"},"content":{"rendered":"","protected":false},"excerpt":{"rendered":"","protected":false},"author":3,"featured_media":20018,"parent":0,"menu_order":0,"comment_status":"closed","ping_status":"closed","template":"","meta":{"footnotes":""},"folder":[48],"class_list":["post-19974","page","type-page","status-publish","has-post-thumbnail","hentry"],"yoast_head":"<!-- This site is optimized with the Yoast SEO plugin v27.4 - https:\/\/yoast.com\/product\/yoast-seo-wordpress\/ -->\n<title>CTRL&gt;NXT - Human design Group<\/title>\n<meta name=\"description\" content=\"Un \u00e9v\u00e8nement centr\u00e9 r\u00e9flexion et partage autour des enjeux humains, technologiques et op\u00e9rationnels du contr\u00f4le a\u00e9rien\" \/>\n<meta name=\"robots\" content=\"index, follow, max-snippet:-1, max-image-preview:large, max-video-preview:-1\" \/>\n<link rel=\"canonical\" href=\"https:\/\/humandesign.group\/en\/ctrl-nxt-journee-d-echange-sur-le-controle-aerien\/\" \/>\n<meta property=\"og:locale\" content=\"en_GB\" \/>\n<meta property=\"og:type\" content=\"article\" \/>\n<meta property=\"og:title\" content=\"R\u00e9pondre aux enjeux humains de la maintenance a\u00e9ronautique\" \/>\n<meta property=\"og:description\" content=\"Human Design Group allie expertise en Facteurs Humains et innovation technologique pour cr\u00e9er des solutions sur mesure aux d\u00e9fis du MRO.\" \/>\n<meta property=\"og:url\" content=\"https:\/\/humandesign.group\/en\/ctrl-nxt-journee-d-echange-sur-le-controle-aerien\/\" \/>\n<meta property=\"og:site_name\" content=\"Human design Group\" \/>\n<meta property=\"article:modified_time\" content=\"2025-09-05T13:07:06+00:00\" \/>\n<meta property=\"og:image\" content=\"https:\/\/humandesign.group\/wp-content\/uploads\/2023\/11\/Indsutrie-HERO2.jpg\" \/>\n\t<meta property=\"og:image:width\" content=\"1951\" \/>\n\t<meta property=\"og:image:height\" content=\"1246\" \/>\n\t<meta property=\"og:image:type\" content=\"image\/jpeg\" \/>\n<meta name=\"twitter:card\" content=\"summary_large_image\" \/>\n<meta name=\"twitter:site\" content=\"@byHDGroup\" \/>\n<meta name=\"twitter:label1\" content=\"Estimated reading time\" \/>\n\t<meta name=\"twitter:data1\" content=\"7 minutes\" \/>\n<script type=\"application\/ld+json\" class=\"yoast-schema-graph\">{\"@context\":\"https:\\\/\\\/schema.org\",\"@graph\":[{\"@type\":\"AdvertiserContentArticle\",\"@id\":\"https:\\\/\\\/humandesign.group\\\/ctrl-nxt-journee-d-echange-sur-le-controle-aerien\\\/#article\",\"isPartOf\":{\"@id\":\"https:\\\/\\\/humandesign.group\\\/ctrl-nxt-journee-d-echange-sur-le-controle-aerien\\\/\"},\"author\":{\"name\":\"Vincent Nunes\",\"@id\":\"https:\\\/\\\/humandesign.group\\\/#\\\/schema\\\/person\\\/1d9b32f627d78f44d14eb128f261447e\"},\"headline\":\"CTRL>NXT\",\"datePublished\":\"2025-07-08T14:16:37+00:00\",\"dateModified\":\"2025-09-05T13:07:06+00:00\",\"mainEntityOfPage\":{\"@id\":\"https:\\\/\\\/humandesign.group\\\/ctrl-nxt-journee-d-echange-sur-le-controle-aerien\\\/\"},\"wordCount\":2,\"publisher\":{\"@id\":\"https:\\\/\\\/humandesign.group\\\/#organization\"},\"image\":{\"@id\":\"https:\\\/\\\/humandesign.group\\\/ctrl-nxt-journee-d-echange-sur-le-controle-aerien\\\/#primaryimage\"},\"thumbnailUrl\":\"https:\\\/\\\/humandesign.group\\\/wp-content\\\/uploads\\\/2025\\\/07\\\/full-1.png?ver=1752582158\",\"inLanguage\":\"en-GB\"},{\"@type\":\"WebPage\",\"@id\":\"https:\\\/\\\/humandesign.group\\\/ctrl-nxt-journee-d-echange-sur-le-controle-aerien\\\/\",\"url\":\"https:\\\/\\\/humandesign.group\\\/ctrl-nxt-journee-d-echange-sur-le-controle-aerien\\\/\",\"name\":\"CTRL>NXT - Human design Group\",\"isPartOf\":{\"@id\":\"https:\\\/\\\/humandesign.group\\\/#website\"},\"primaryImageOfPage\":{\"@id\":\"https:\\\/\\\/humandesign.group\\\/ctrl-nxt-journee-d-echange-sur-le-controle-aerien\\\/#primaryimage\"},\"image\":{\"@id\":\"https:\\\/\\\/humandesign.group\\\/ctrl-nxt-journee-d-echange-sur-le-controle-aerien\\\/#primaryimage\"},\"thumbnailUrl\":\"https:\\\/\\\/humandesign.group\\\/wp-content\\\/uploads\\\/2025\\\/07\\\/full-1.png?ver=1752582158\",\"datePublished\":\"2025-07-08T14:16:37+00:00\",\"dateModified\":\"2025-09-05T13:07:06+00:00\",\"description\":\"Un \u00e9v\u00e8nement centr\u00e9 r\u00e9flexion et partage autour des enjeux humains, technologiques et op\u00e9rationnels du contr\u00f4le a\u00e9rien\",\"breadcrumb\":{\"@id\":\"https:\\\/\\\/humandesign.group\\\/ctrl-nxt-journee-d-echange-sur-le-controle-aerien\\\/#breadcrumb\"},\"inLanguage\":\"en-GB\",\"potentialAction\":[{\"@type\":\"ReadAction\",\"target\":[\"https:\\\/\\\/humandesign.group\\\/ctrl-nxt-journee-d-echange-sur-le-controle-aerien\\\/\"]}]},{\"@type\":\"ImageObject\",\"inLanguage\":\"en-GB\",\"@id\":\"https:\\\/\\\/humandesign.group\\\/ctrl-nxt-journee-d-echange-sur-le-controle-aerien\\\/#primaryimage\",\"url\":\"https:\\\/\\\/humandesign.group\\\/wp-content\\\/uploads\\\/2025\\\/07\\\/full-1.png?ver=1752582158\",\"contentUrl\":\"https:\\\/\\\/humandesign.group\\\/wp-content\\\/uploads\\\/2025\\\/07\\\/full-1.png?ver=1752582158\",\"width\":1920,\"height\":1000},{\"@type\":\"BreadcrumbList\",\"@id\":\"https:\\\/\\\/humandesign.group\\\/ctrl-nxt-journee-d-echange-sur-le-controle-aerien\\\/#breadcrumb\",\"itemListElement\":[{\"@type\":\"ListItem\",\"position\":1,\"name\":\"Accueil\",\"item\":\"https:\\\/\\\/humandesign.group\\\/\"},{\"@type\":\"ListItem\",\"position\":2,\"name\":\"CTRL>NXT\"}]},{\"@type\":\"WebSite\",\"@id\":\"https:\\\/\\\/humandesign.group\\\/#website\",\"url\":\"https:\\\/\\\/humandesign.group\\\/\",\"name\":\"Human design Group\",\"description\":\"La valeur centr\u00e9e humain\",\"publisher\":{\"@id\":\"https:\\\/\\\/humandesign.group\\\/#organization\"},\"potentialAction\":[{\"@type\":\"SearchAction\",\"target\":{\"@type\":\"EntryPoint\",\"urlTemplate\":\"https:\\\/\\\/humandesign.group\\\/?s={search_term_string}\"},\"query-input\":{\"@type\":\"PropertyValueSpecification\",\"valueRequired\":true,\"valueName\":\"search_term_string\"}}],\"inLanguage\":\"en-GB\"},{\"@type\":\"Organization\",\"@id\":\"https:\\\/\\\/humandesign.group\\\/#organization\",\"name\":\"Human Design Group\",\"url\":\"https:\\\/\\\/humandesign.group\\\/\",\"logo\":{\"@type\":\"ImageObject\",\"inLanguage\":\"en-GB\",\"@id\":\"https:\\\/\\\/humandesign.group\\\/#\\\/schema\\\/logo\\\/image\\\/\",\"url\":\"https:\\\/\\\/humandesign.group\\\/wp-content\\\/uploads\\\/2021\\\/03\\\/cropped-625x625-WPicons.png\",\"contentUrl\":\"https:\\\/\\\/humandesign.group\\\/wp-content\\\/uploads\\\/2021\\\/03\\\/cropped-625x625-WPicons.png\",\"width\":512,\"height\":512,\"caption\":\"Human Design Group\"},\"image\":{\"@id\":\"https:\\\/\\\/humandesign.group\\\/#\\\/schema\\\/logo\\\/image\\\/\"},\"sameAs\":[\"https:\\\/\\\/x.com\\\/byHDGroup\",\"https:\\\/\\\/www.linkedin.com\\\/company\\\/11247344\\\/\",\"https:\\\/\\\/www.youtube.com\\\/channel\\\/UCEaSL9cWQPV8GbViMdSlrwA\"]},{\"@type\":\"Person\",\"@id\":\"https:\\\/\\\/humandesign.group\\\/#\\\/schema\\\/person\\\/1d9b32f627d78f44d14eb128f261447e\",\"name\":\"Vincent Nunes\",\"image\":{\"@type\":\"ImageObject\",\"inLanguage\":\"en-GB\",\"@id\":\"https:\\\/\\\/secure.gravatar.com\\\/avatar\\\/bf6f2f0171748931c049674f6c338e553d79cd455373d58f9bef4d05fa9825e1?s=96&d=mm&r=g\",\"url\":\"https:\\\/\\\/secure.gravatar.com\\\/avatar\\\/bf6f2f0171748931c049674f6c338e553d79cd455373d58f9bef4d05fa9825e1?s=96&d=mm&r=g\",\"contentUrl\":\"https:\\\/\\\/secure.gravatar.com\\\/avatar\\\/bf6f2f0171748931c049674f6c338e553d79cd455373d58f9bef4d05fa9825e1?s=96&d=mm&r=g\",\"caption\":\"Vincent Nunes\"}}]}<\/script>\n<!-- \/ Yoast SEO plugin. -->","yoast_head_json":{"title":"CTRL>NXT - Human design Group","description":"Un \u00e9v\u00e8nement centr\u00e9 r\u00e9flexion et partage autour des enjeux humains, technologiques et op\u00e9rationnels du contr\u00f4le a\u00e9rien","robots":{"index":"index","follow":"follow","max-snippet":"max-snippet:-1","max-image-preview":"max-image-preview:large","max-video-preview":"max-video-preview:-1"},"canonical":"https:\/\/humandesign.group\/en\/ctrl-nxt-journee-d-echange-sur-le-controle-aerien\/","og_locale":"en_GB","og_type":"article","og_title":"R\u00e9pondre aux enjeux humains de la maintenance a\u00e9ronautique","og_description":"Human Design Group allie expertise en Facteurs Humains et innovation technologique pour cr\u00e9er des solutions sur mesure aux d\u00e9fis du MRO.","og_url":"https:\/\/humandesign.group\/en\/ctrl-nxt-journee-d-echange-sur-le-controle-aerien\/","og_site_name":"Human design Group","article_modified_time":"2025-09-05T13:07:06+00:00","og_image":[{"width":1951,"height":1246,"url":"https:\/\/humandesign.group\/wp-content\/uploads\/2023\/11\/Indsutrie-HERO2.jpg","type":"image\/jpeg"}],"twitter_card":"summary_large_image","twitter_site":"@byHDGroup","twitter_misc":{"Estimated reading time":"7 minutes"},"schema":{"@context":"https:\/\/schema.org","@graph":[{"@type":"AdvertiserContentArticle","@id":"https:\/\/humandesign.group\/ctrl-nxt-journee-d-echange-sur-le-controle-aerien\/#article","isPartOf":{"@id":"https:\/\/humandesign.group\/ctrl-nxt-journee-d-echange-sur-le-controle-aerien\/"},"author":{"name":"Vincent Nunes","@id":"https:\/\/humandesign.group\/#\/schema\/person\/1d9b32f627d78f44d14eb128f261447e"},"headline":"CTRL>NXT","datePublished":"2025-07-08T14:16:37+00:00","dateModified":"2025-09-05T13:07:06+00:00","mainEntityOfPage":{"@id":"https:\/\/humandesign.group\/ctrl-nxt-journee-d-echange-sur-le-controle-aerien\/"},"wordCount":2,"publisher":{"@id":"https:\/\/humandesign.group\/#organization"},"image":{"@id":"https:\/\/humandesign.group\/ctrl-nxt-journee-d-echange-sur-le-controle-aerien\/#primaryimage"},"thumbnailUrl":"https:\/\/humandesign.group\/wp-content\/uploads\/2025\/07\/full-1.png?ver=1752582158","inLanguage":"en-GB"},{"@type":"WebPage","@id":"https:\/\/humandesign.group\/ctrl-nxt-journee-d-echange-sur-le-controle-aerien\/","url":"https:\/\/humandesign.group\/ctrl-nxt-journee-d-echange-sur-le-controle-aerien\/","name":"CTRL>NXT - Human design Group","isPartOf":{"@id":"https:\/\/humandesign.group\/#website"},"primaryImageOfPage":{"@id":"https:\/\/humandesign.group\/ctrl-nxt-journee-d-echange-sur-le-controle-aerien\/#primaryimage"},"image":{"@id":"https:\/\/humandesign.group\/ctrl-nxt-journee-d-echange-sur-le-controle-aerien\/#primaryimage"},"thumbnailUrl":"https:\/\/humandesign.group\/wp-content\/uploads\/2025\/07\/full-1.png?ver=1752582158","datePublished":"2025-07-08T14:16:37+00:00","dateModified":"2025-09-05T13:07:06+00:00","description":"Un \u00e9v\u00e8nement centr\u00e9 r\u00e9flexion et partage autour des enjeux humains, technologiques et op\u00e9rationnels du contr\u00f4le a\u00e9rien","breadcrumb":{"@id":"https:\/\/humandesign.group\/ctrl-nxt-journee-d-echange-sur-le-controle-aerien\/#breadcrumb"},"inLanguage":"en-GB","potentialAction":[{"@type":"ReadAction","target":["https:\/\/humandesign.group\/ctrl-nxt-journee-d-echange-sur-le-controle-aerien\/"]}]},{"@type":"ImageObject","inLanguage":"en-GB","@id":"https:\/\/humandesign.group\/ctrl-nxt-journee-d-echange-sur-le-controle-aerien\/#primaryimage","url":"https:\/\/humandesign.group\/wp-content\/uploads\/2025\/07\/full-1.png?ver=1752582158","contentUrl":"https:\/\/humandesign.group\/wp-content\/uploads\/2025\/07\/full-1.png?ver=1752582158","width":1920,"height":1000},{"@type":"BreadcrumbList","@id":"https:\/\/humandesign.group\/ctrl-nxt-journee-d-echange-sur-le-controle-aerien\/#breadcrumb","itemListElement":[{"@type":"ListItem","position":1,"name":"Accueil","item":"https:\/\/humandesign.group\/"},{"@type":"ListItem","position":2,"name":"CTRL>NXT"}]},{"@type":"WebSite","@id":"https:\/\/humandesign.group\/#website","url":"https:\/\/humandesign.group\/","name":"at Human design Group","description":"Human-centred value","publisher":{"@id":"https:\/\/humandesign.group\/#organization"},"potentialAction":[{"@type":"SearchAction","target":{"@type":"EntryPoint","urlTemplate":"https:\/\/humandesign.group\/?s={search_term_string}"},"query-input":{"@type":"PropertyValueSpecification","valueRequired":true,"valueName":"search_term_string"}}],"inLanguage":"en-GB"},{"@type":"Organization","@id":"https:\/\/humandesign.group\/#organization","name":"Human Design Group","url":"https:\/\/humandesign.group\/","logo":{"@type":"ImageObject","inLanguage":"en-GB","@id":"https:\/\/humandesign.group\/#\/schema\/logo\/image\/","url":"https:\/\/humandesign.group\/wp-content\/uploads\/2021\/03\/cropped-625x625-WPicons.png","contentUrl":"https:\/\/humandesign.group\/wp-content\/uploads\/2021\/03\/cropped-625x625-WPicons.png","width":512,"height":512,"caption":"Human Design Group"},"image":{"@id":"https:\/\/humandesign.group\/#\/schema\/logo\/image\/"},"sameAs":["https:\/\/x.com\/byHDGroup","https:\/\/www.linkedin.com\/company\/11247344\/","https:\/\/www.youtube.com\/channel\/UCEaSL9cWQPV8GbViMdSlrwA"]},{"@type":"Person","@id":"https:\/\/humandesign.group\/#\/schema\/person\/1d9b32f627d78f44d14eb128f261447e","name":"Vincent Nunes","image":{"@type":"ImageObject","inLanguage":"en-GB","@id":"https:\/\/secure.gravatar.com\/avatar\/bf6f2f0171748931c049674f6c338e553d79cd455373d58f9bef4d05fa9825e1?s=96&d=mm&r=g","url":"https:\/\/secure.gravatar.com\/avatar\/bf6f2f0171748931c049674f6c338e553d79cd455373d58f9bef4d05fa9825e1?s=96&d=mm&r=g","contentUrl":"https:\/\/secure.gravatar.com\/avatar\/bf6f2f0171748931c049674f6c338e553d79cd455373d58f9bef4d05fa9825e1?s=96&d=mm&r=g","caption":"Vincent Nunes"}}]}},"_links":{"self":[{"href":"https:\/\/humandesign.group\/en\/wp-json\/wp\/v2\/pages\/19974","targetHints":{"allow":["GET"]}}],"collection":[{"href":"https:\/\/humandesign.group\/en\/wp-json\/wp\/v2\/pages"}],"about":[{"href":"https:\/\/humandesign.group\/en\/wp-json\/wp\/v2\/types\/page"}],"author":[{"embeddable":true,"href":"https:\/\/humandesign.group\/en\/wp-json\/wp\/v2\/users\/3"}],"replies":[{"embeddable":true,"href":"https:\/\/humandesign.group\/en\/wp-json\/wp\/v2\/comments?post=19974"}],"version-history":[{"count":5,"href":"https:\/\/humandesign.group\/en\/wp-json\/wp\/v2\/pages\/19974\/revisions"}],"predecessor-version":[{"id":20475,"href":"https:\/\/humandesign.group\/en\/wp-json\/wp\/v2\/pages\/19974\/revisions\/20475"}],"wp:featuredmedia":[{"embeddable":true,"href":"https:\/\/humandesign.group\/en\/wp-json\/wp\/v2\/media\/20018"}],"wp:attachment":[{"href":"https:\/\/humandesign.group\/en\/wp-json\/wp\/v2\/media?parent=19974"}],"wp:term":[{"taxonomy":"folder","embeddable":true,"href":"https:\/\/humandesign.group\/en\/wp-json\/wp\/v2\/folder?post=19974"}],"curies":[{"name":"wp","href":"https:\/\/api.w.org\/{rel}","templated":true}]}}